{"id":922,"date":"2024-02-26T15:35:49","date_gmt":"2024-02-26T21:35:49","guid":{"rendered":"https:\/\/ccspprod.wpenginepowered.com\/event\/ccsp-show-de-talentos\/"},"modified":"2024-08-29T15:50:31","modified_gmt":"2024-08-29T20:50:31","slug":"ccsp-show-de-talentos","status":"publish","type":"tribe_events","link":"https:\/\/ccsp.org\/es\/event\/ccsp-show-de-talentos\/","title":{"rendered":"Celebraci\u00f3n de Bienvenida al Regreso a Clases"},"content":{"rendered":"<table dir=\"ltr\" style=\"height: 888px;\" width=\"1140\" cellspacing=\"0\" cellpadding=\"0\" data-sheets-root=\"1\" data-sheets-baot=\"1\">\n<colgroup>\n<col width=\"228\">\n<col width=\"144\">\n<col width=\"228\"><\/colgroup>\n<tbody>\n<tr>\n<td colspan=\"3\" rowspan=\"1\"><strong>Celebraci\u00f3n de Bienvenida al Regreso a Clases:<\/strong> Queridas familias y personal, estamos encantados de darles la bienvenida a nuestra celebraci\u00f3n anual de regreso a clases! Este evento es una excelente oportunidad para unirnos como comunidad y comenzar el nuevo a\u00f1o escolar con entusiasmo y alegr\u00eda. <strong>Detalles del Evento:<\/strong> &#8211; Fecha: Jueves, 15 de agosto de 2024 &#8211; Hora: 5-8pm &#8211; Ubicaci\u00f3n: 75 Spruce Street, Paterson, NJ 07501 (estacionamiento) <strong>Qu\u00e9 Esperar:<\/strong> &#8211; <strong>Entrega de Materiales Escolares:<\/strong> Las familias podr\u00e1n dejar los materiales escolares, facilitando el primer d\u00eda de regreso para todos. &#8211; Asistencia con la Inscripci\u00f3n: Nuestro personal estar\u00e1 disponible para resolver cualquier pregunta sobre la inscripci\u00f3n, adem\u00e1s de permitir a las familias entregar documentos de registro faltantes. &#8211; <strong>Informaci\u00f3n sobre Programas Acad\u00e9micos:<\/strong> Conozca los emocionantes programas acad\u00e9micos que tenemos preparados para este a\u00f1o. &#8211; <strong>Inscripci\u00f3n en Tiempo de Aprendizaje Ampliado:<\/strong> Inscr\u00edbase en nuestro tiempo de aprendizaje ampliado, cuidado antes de clases y programas extracurriculares. &#8211; <strong>Inscripci\u00f3n para Comidas Escolares 2024-2025 y EBT de Verano<\/strong>: Para determinar la elegibilidad para los beneficios de EBT de verano, debe completar la Solicitud de Comidas Escolares y EBT de Verano.      Completar la solicitud tambi\u00e9n es esencial para que podamos proporcionar al Departamento de Educaci\u00f3n la informaci\u00f3n necesaria para asegurar que nuestra escuela\/distrito contin\u00fae recibiendo fondos estatales cruciales. &#8211; <strong>Recogida de Carpetas:<\/strong> Las familias recibir\u00e1n una carpeta con los materiales necesarios para el primer d\u00eda de clases, el 19 de agosto. &#8211; <strong>Venta de Uniformes<\/strong> Las familias podr\u00e1n comprar los uniformes de sus hijos en el evento a trav\u00e9s de un representante de YNK. &#8211; <strong>Registro de Votantes:<\/strong> Las familias podr\u00e1n registrarse para votar en este evento. Esperamos verlos en la celebraci\u00f3n y trabajar juntos para un a\u00f1o escolar exitoso! Atentamente, Liderazgo de CCSP <a href=\"https:\/\/forms.gle\/YwqpCBMbzzxem8Lu8\"><strong>Haga clic aqu\u00ed para confirmar su asistencia<br \/><\/strong><\/a>    <\/td>\n<\/tr>\n<\/tbody>\n<\/table>\n<p><img fetchpriority=\"high\" decoding=\"async\" class=\"alignnone size-medium wp-image-1237\" src=\"https:\/\/ccsp.org\/wp-content\/uploads\/2024\/02\/Back-to-School-Celebration-CCSP-2024-Instagram-Post-UPDATED-300x300.png\" alt=\"\" width=\"300\" height=\"300\" srcset=\"https:\/\/ccsp.org\/wp-content\/uploads\/2024\/02\/Back-to-School-Celebration-CCSP-2024-Instagram-Post-UPDATED-300x300.png 300w, https:\/\/ccsp.org\/wp-content\/uploads\/2024\/02\/Back-to-School-Celebration-CCSP-2024-Instagram-Post-UPDATED-1024x1024.png 1024w, https:\/\/ccsp.org\/wp-content\/uploads\/2024\/02\/Back-to-School-Celebration-CCSP-2024-Instagram-Post-UPDATED-150x150.png 150w, https:\/\/ccsp.org\/wp-content\/uploads\/2024\/02\/Back-to-School-Celebration-CCSP-2024-Instagram-Post-UPDATED-768x768.png 768w, https:\/\/ccsp.org\/wp-content\/uploads\/2024\/02\/Back-to-School-Celebration-CCSP-2024-Instagram-Post-UPDATED.png 1080w\" sizes=\"(max-width: 300px) 100vw, 300px\" \/><img decoding=\"async\" class=\"alignnone size-medium wp-image-1235 lazyload\" data-src=\"https:\/\/ccsp.org\/wp-content\/uploads\/2024\/02\/Back-to-School-Celebration-CCSP-2024-Instagram-Post-ES-300x300.png\" alt=\"\" width=\"300\" height=\"300\" data-srcset=\"https:\/\/ccsp.org\/wp-content\/uploads\/2024\/02\/Back-to-School-Celebration-CCSP-2024-Instagram-Post-ES-300x300.png 300w, https:\/\/ccsp.org\/wp-content\/uploads\/2024\/02\/Back-to-School-Celebration-CCSP-2024-Instagram-Post-ES-1024x1024.png 1024w, https:\/\/ccsp.org\/wp-content\/uploads\/2024\/02\/Back-to-School-Celebration-CCSP-2024-Instagram-Post-ES-150x150.png 150w, https:\/\/ccsp.org\/wp-content\/uploads\/2024\/02\/Back-to-School-Celebration-CCSP-2024-Instagram-Post-ES-768x768.png 768w, https:\/\/ccsp.org\/wp-content\/uploads\/2024\/02\/Back-to-School-Celebration-CCSP-2024-Instagram-Post-ES.png 1080w\" data-sizes=\"(max-width: 300px) 100vw, 300px\" src=\"data:image\/svg+xml;base64,PHN2ZyB3aWR0aD0iMSIgaGVpZ2h0PSIxIiB4bWxucz0iaHR0cDovL3d3dy53My5vcmcvMjAwMC9zdmciPjwvc3ZnPg==\" style=\"--smush-placeholder-width: 300px; --smush-placeholder-aspect-ratio: 300\/300;\" \/><\/p>\n","protected":false},"excerpt":{"rendered":"<p>Celebraci\u00f3n de Bienvenida al Regreso a Clases: Queridas familias y personal, estamos encantados de darles la bienvenida a nuestra celebraci\u00f3n anual de regreso a clases! Este evento es una excelente [&hellip;]<\/p>\n","protected":false},"author":3,"featured_media":0,"template":"","meta":{"_acf_changed":false,"_tribe_events_status":"","_tribe_events_status_reason":"","footnotes":""},"tags":[83],"tribe_events_cat":[80,79,84],"class_list":["post-922","tribe_events","type-tribe_events","status-publish","hentry","tag-para-familias","tribe_events_cat-75-spruce-es","tribe_events_cat-8-morris-es","tribe_events_cat-escuelas-comunitarias","cat_75-spruce-es","cat_8-morris-es","cat_escuelas-comunitarias"],"acf":[],"yoast_head":"<!-- This site is optimized with the Yoast SEO plugin v27.4 - https:\/\/yoast.com\/product\/yoast-seo-wordpress\/ -->\n<title>Celebraci\u00f3n de Bienvenida al Regreso a Clases - Community Charter School of Paterson<\/title>\n<meta name=\"robots\" content=\"index, follow, max-snippet:-1, max-image-preview:large, max-video-preview:-1\" \/>\n<link rel=\"canonical\" href=\"https:\/\/ccsp.org\/es\/event\/ccsp-show-de-talentos\/\" \/>\n<meta property=\"og:locale\" content=\"es_ES\" \/>\n<meta property=\"og:type\" content=\"article\" \/>\n<meta property=\"og:title\" content=\"Celebraci\u00f3n de Bienvenida al Regreso a Clases - Community Charter School of Paterson\" \/>\n<meta property=\"og:description\" content=\"Celebraci\u00f3n de Bienvenida al Regreso a Clases: Queridas familias y personal, estamos encantados de darles la bienvenida a nuestra celebraci\u00f3n anual de regreso a clases! Este evento es una excelente [&hellip;]\" \/>\n<meta property=\"og:url\" content=\"https:\/\/ccsp.org\/es\/event\/ccsp-show-de-talentos\/\" \/>\n<meta property=\"og:site_name\" content=\"Community Charter School of Paterson\" \/>\n<meta property=\"article:publisher\" content=\"https:\/\/www.facebook.com\/TheCommunityCharterSchoolOfPaterson\/\" \/>\n<meta property=\"article:modified_time\" content=\"2024-08-29T20:50:31+00:00\" \/>\n<meta property=\"og:image\" content=\"https:\/\/ccsp.org\/wp-content\/uploads\/2024\/02\/Back-to-School-Celebration-CCSP-2024-Instagram-Post-UPDATED-300x300.png\" \/>\n<meta name=\"twitter:card\" content=\"summary_large_image\" \/>\n<meta name=\"twitter:label1\" content=\"Tiempo de lectura\" \/>\n\t<meta name=\"twitter:data1\" content=\"2 minutos\" \/>\n<script type=\"application\/ld+json\" class=\"yoast-schema-graph\">{\"@context\":\"https:\\\/\\\/schema.org\",\"@graph\":[{\"@type\":\"WebPage\",\"@id\":\"https:\\\/\\\/ccsp.org\\\/es\\\/event\\\/ccsp-show-de-talentos\\\/\",\"url\":\"https:\\\/\\\/ccsp.org\\\/es\\\/event\\\/ccsp-show-de-talentos\\\/\",\"name\":\"Celebraci\u00f3n de Bienvenida al Regreso a Clases - Community Charter School of Paterson\",\"isPartOf\":{\"@id\":\"https:\\\/\\\/www.ccsp.org\\\/#website\"},\"primaryImageOfPage\":{\"@id\":\"https:\\\/\\\/ccsp.org\\\/es\\\/event\\\/ccsp-show-de-talentos\\\/#primaryimage\"},\"image\":{\"@id\":\"https:\\\/\\\/ccsp.org\\\/es\\\/event\\\/ccsp-show-de-talentos\\\/#primaryimage\"},\"thumbnailUrl\":\"https:\\\/\\\/ccsp.org\\\/wp-content\\\/uploads\\\/2024\\\/02\\\/Back-to-School-Celebration-CCSP-2024-Instagram-Post-UPDATED-300x300.png\",\"datePublished\":\"2024-02-26T21:35:49+00:00\",\"dateModified\":\"2024-08-29T20:50:31+00:00\",\"breadcrumb\":{\"@id\":\"https:\\\/\\\/ccsp.org\\\/es\\\/event\\\/ccsp-show-de-talentos\\\/#breadcrumb\"},\"inLanguage\":\"es\",\"potentialAction\":[{\"@type\":\"ReadAction\",\"target\":[\"https:\\\/\\\/ccsp.org\\\/es\\\/event\\\/ccsp-show-de-talentos\\\/\"]}]},{\"@type\":\"ImageObject\",\"inLanguage\":\"es\",\"@id\":\"https:\\\/\\\/ccsp.org\\\/es\\\/event\\\/ccsp-show-de-talentos\\\/#primaryimage\",\"url\":\"https:\\\/\\\/ccsp.org\\\/wp-content\\\/uploads\\\/2024\\\/02\\\/Back-to-School-Celebration-CCSP-2024-Instagram-Post-UPDATED-300x300.png\",\"contentUrl\":\"https:\\\/\\\/ccsp.org\\\/wp-content\\\/uploads\\\/2024\\\/02\\\/Back-to-School-Celebration-CCSP-2024-Instagram-Post-UPDATED-300x300.png\"},{\"@type\":\"BreadcrumbList\",\"@id\":\"https:\\\/\\\/ccsp.org\\\/es\\\/event\\\/ccsp-show-de-talentos\\\/#breadcrumb\",\"itemListElement\":[{\"@type\":\"ListItem\",\"position\":1,\"name\":\"Home\",\"item\":\"https:\\\/\\\/www.ccsp.org\\\/\"},{\"@type\":\"ListItem\",\"position\":2,\"name\":\"Events\",\"item\":\"https:\\\/\\\/www.ccsp.org\\\/events\\\/\"},{\"@type\":\"ListItem\",\"position\":3,\"name\":\"Celebraci\u00f3n de Bienvenida al Regreso a Clases\"}]},{\"@type\":\"WebSite\",\"@id\":\"https:\\\/\\\/www.ccsp.org\\\/#website\",\"url\":\"https:\\\/\\\/www.ccsp.org\\\/\",\"name\":\"Community Charter School of Paterson\",\"description\":\"K-8 Charter school\",\"potentialAction\":[{\"@type\":\"SearchAction\",\"target\":{\"@type\":\"EntryPoint\",\"urlTemplate\":\"https:\\\/\\\/www.ccsp.org\\\/?s={search_term_string}\"},\"query-input\":{\"@type\":\"PropertyValueSpecification\",\"valueRequired\":true,\"valueName\":\"search_term_string\"}}],\"inLanguage\":\"es\"}]}<\/script>\n<!-- \/ Yoast SEO plugin. -->","yoast_head_json":{"title":"Celebraci\u00f3n de Bienvenida al Regreso a Clases - Community Charter School of Paterson","robots":{"index":"index","follow":"follow","max-snippet":"max-snippet:-1","max-image-preview":"max-image-preview:large","max-video-preview":"max-video-preview:-1"},"canonical":"https:\/\/ccsp.org\/es\/event\/ccsp-show-de-talentos\/","og_locale":"es_ES","og_type":"article","og_title":"Celebraci\u00f3n de Bienvenida al Regreso a Clases - Community Charter School of Paterson","og_description":"Celebraci\u00f3n de Bienvenida al Regreso a Clases: Queridas familias y personal, estamos encantados de darles la bienvenida a nuestra celebraci\u00f3n anual de regreso a clases! Este evento es una excelente [&hellip;]","og_url":"https:\/\/ccsp.org\/es\/event\/ccsp-show-de-talentos\/","og_site_name":"Community Charter School of Paterson","article_publisher":"https:\/\/www.facebook.com\/TheCommunityCharterSchoolOfPaterson\/","article_modified_time":"2024-08-29T20:50:31+00:00","og_image":[{"url":"https:\/\/ccsp.org\/wp-content\/uploads\/2024\/02\/Back-to-School-Celebration-CCSP-2024-Instagram-Post-UPDATED-300x300.png","type":"","width":"","height":""}],"twitter_card":"summary_large_image","twitter_misc":{"Tiempo de lectura":"2 minutos"},"schema":{"@context":"https:\/\/schema.org","@graph":[{"@type":"WebPage","@id":"https:\/\/ccsp.org\/es\/event\/ccsp-show-de-talentos\/","url":"https:\/\/ccsp.org\/es\/event\/ccsp-show-de-talentos\/","name":"Celebraci\u00f3n de Bienvenida al Regreso a Clases - Community Charter School of Paterson","isPartOf":{"@id":"https:\/\/www.ccsp.org\/#website"},"primaryImageOfPage":{"@id":"https:\/\/ccsp.org\/es\/event\/ccsp-show-de-talentos\/#primaryimage"},"image":{"@id":"https:\/\/ccsp.org\/es\/event\/ccsp-show-de-talentos\/#primaryimage"},"thumbnailUrl":"https:\/\/ccsp.org\/wp-content\/uploads\/2024\/02\/Back-to-School-Celebration-CCSP-2024-Instagram-Post-UPDATED-300x300.png","datePublished":"2024-02-26T21:35:49+00:00","dateModified":"2024-08-29T20:50:31+00:00","breadcrumb":{"@id":"https:\/\/ccsp.org\/es\/event\/ccsp-show-de-talentos\/#breadcrumb"},"inLanguage":"es","potentialAction":[{"@type":"ReadAction","target":["https:\/\/ccsp.org\/es\/event\/ccsp-show-de-talentos\/"]}]},{"@type":"ImageObject","inLanguage":"es","@id":"https:\/\/ccsp.org\/es\/event\/ccsp-show-de-talentos\/#primaryimage","url":"https:\/\/ccsp.org\/wp-content\/uploads\/2024\/02\/Back-to-School-Celebration-CCSP-2024-Instagram-Post-UPDATED-300x300.png","contentUrl":"https:\/\/ccsp.org\/wp-content\/uploads\/2024\/02\/Back-to-School-Celebration-CCSP-2024-Instagram-Post-UPDATED-300x300.png"},{"@type":"BreadcrumbList","@id":"https:\/\/ccsp.org\/es\/event\/ccsp-show-de-talentos\/#breadcrumb","itemListElement":[{"@type":"ListItem","position":1,"name":"Home","item":"https:\/\/www.ccsp.org\/"},{"@type":"ListItem","position":2,"name":"Events","item":"https:\/\/www.ccsp.org\/events\/"},{"@type":"ListItem","position":3,"name":"Celebraci\u00f3n de Bienvenida al Regreso a Clases"}]},{"@type":"WebSite","@id":"https:\/\/www.ccsp.org\/#website","url":"https:\/\/www.ccsp.org\/","name":"Community Charter School of Paterson","description":"K-8 Charter school","potentialAction":[{"@type":"SearchAction","target":{"@type":"EntryPoint","urlTemplate":"https:\/\/www.ccsp.org\/?s={search_term_string}"},"query-input":{"@type":"PropertyValueSpecification","valueRequired":true,"valueName":"search_term_string"}}],"inLanguage":"es"}]}},"_links":{"self":[{"href":"https:\/\/ccsp.org\/es\/wp-json\/wp\/v2\/tribe_events\/922","targetHints":{"allow":["GET"]}}],"collection":[{"href":"https:\/\/ccsp.org\/es\/wp-json\/wp\/v2\/tribe_events"}],"about":[{"href":"https:\/\/ccsp.org\/es\/wp-json\/wp\/v2\/types\/tribe_events"}],"author":[{"embeddable":true,"href":"https:\/\/ccsp.org\/es\/wp-json\/wp\/v2\/users\/3"}],"version-history":[{"count":0,"href":"https:\/\/ccsp.org\/es\/wp-json\/wp\/v2\/tribe_events\/922\/revisions"}],"wp:attachment":[{"href":"https:\/\/ccsp.org\/es\/wp-json\/wp\/v2\/media?parent=922"}],"wp:term":[{"taxonomy":"post_tag","embeddable":true,"href":"https:\/\/ccsp.org\/es\/wp-json\/wp\/v2\/tags?post=922"},{"taxonomy":"tribe_events_cat","embeddable":true,"href":"https:\/\/ccsp.org\/es\/wp-json\/wp\/v2\/tribe_events_cat?post=922"}],"curies":[{"name":"wp","href":"https:\/\/api.w.org\/{rel}","templated":true}]}}